{"id":1729,"date":"2017-08-07T10:19:45","date_gmt":"2017-08-07T10:19:45","guid":{"rendered":"https:\/\/www.europaweg.ch\/home\/"},"modified":"2026-03-12T13:15:17","modified_gmt":"2026-03-12T13:15:17","slug":"home","status":"publish","type":"page","link":"https:\/\/www.europaweg.ch\/fr\/","title":{"rendered":"Home"},"content":{"rendered":"<div class=\"et_pb_section_0 et_pb_section et_pb_fullwidth_section et_section_regular et_block_section\"><div class=\"et_pb_fullwidth_slider_0 et_pb_slider et_pb_module\"><div class=\"box-shadow-overlay\"><\/div><div class=\"et_pb_slides\"><div class=\"et_pb_slide_0 et_pb_slide et_pb_media_alignment_center et_pb_bg_layout_dark et_pb_text_align_center\" data-slide-id=\"divi\/slide-0\"><div class=\"et_pb_container\"><div class=\"et_pb_slider_container_inner\"><div class=\"et_pb_slide_description\"><h2 class=\"et_pb_slide_title\"><a href=\"https:\/\/www.europaweg.ch\/nuetzliche-informationen\/\" target=\"\" class=\"et_pb_slide_title_link\"><\/a><\/h2><div class=\"et_pb_slide_content\"><\/div><\/div><\/div><\/div><\/div><div class=\"et_pb_slide_1 et_pb_slide et_pb_media_alignment_center et_pb_bg_layout_dark et_pb_text_align_center\" data-slide-id=\"divi\/slide-1\"><div class=\"et_pb_container\"><div class=\"et_pb_slider_container_inner\"><div class=\"et_pb_slide_description\"><div class=\"et_pb_slide_content\"><\/div><\/div><\/div><\/div><\/div><div class=\"et_pb_slide_2 et_pb_slide et_pb_media_alignment_center et_pb_bg_layout_dark et_pb_text_align_center\" data-slide-id=\"divi\/slide-2\"><div class=\"et_pb_container\"><div class=\"et_pb_slider_container_inner\"><div class=\"et_pb_slide_description\"><div class=\"et_pb_slide_content\"><\/div><\/div><\/div><\/div><\/div><\/div><\/div><\/div><div class=\"et_pb_section_1 et_pb_section et_pb_fullwidth_section et_section_regular et_block_section\"><section class=\"et_pb_fullwidth_header_0 et_pb_fullwidth_header et_pb_bg_layout_light et_pb_text_align_left et_pb_module et_flex_module\"><div class=\"et_pb_fullwidth_header_container left\"><div class=\"header-content-container center\"><div class=\"header-content et_flex_module\"><h1 class=\"et_pb_module_header\">Le Sentier de l'Europe de Gr\u00e4chen \u00e0 Zermatt<\/h1><span class=\"et_pb_fullwidth_header_subhead\">Certains consid\u00e8rent le Sentier de l'Europe entre Gr\u00e4chen et Zermatt comme la plus belle randonn\u00e9e de 2 jours dans les Alpes. La vue sur le panorama montagnard, y compris le Cervin, l'a rendu c\u00e9l\u00e8bre dans le monde entier. Les responsables des communes de St. Nicolas, Gr\u00e4chen, Randa, T\u00e4sch et Zermatt se sont servis de cette nature \u00e0 couper le souffle en 1997 et ont construit le Sentier de l'Europe. Il conduit de Gr\u00e4chen \u00e0 Herbriggen en passant par Gasenried, de l\u00e0 on continue en direction de la Cabane de l\u2019Europe et de la T\u00e4schalpe pour enfin arriver \u00e0 Zermatt.<\/span><div class=\"et_pb_header_content_wrapper\"><p><a style=\"margin-top: 20px; display: inline-block; font-size: 14px;\" href=\"https:\/\/www.europaweg.ch\/wp-content\/uploads\/2021\/07\/ZT_Flyer_Europaweg_Web.pdf\" rel=\"attachment noopener wp-att-2792\" target=\"_blank\" title=\"Flyer Europaweg (PDF)\">Flyer Europaweg DE \/ EN (PDF)<\/a><\/p>\n<\/div><div class=\"et_pb_header_button_wrapper\"><\/div><\/div><\/div><\/div><div class=\"et_pb_fullwidth_header_overlay\"><\/div><div class=\"et_pb_fullwidth_header_scroll\"><\/div><\/section><\/div><div class=\"et_pb_section_2 et_pb_section et_section_regular et_block_section\"><div class=\"et_pb_row_0 et_pb_row et_block_row\"><div class=\"et_pb_column_0 et_pb_column et_pb_column_4_4 et-last-child et_block_column et_pb_css_mix_blend_mode_passthrough\"><div class=\"et_pb_text_0 et_pb_text et_pb_bg_layout_light et_pb_module et_block_module\"><div class=\"et_pb_text_inner\"><div class=\"startseite\">\n<div class=\"warnhinweis\"><strong>En raison de travaux de dynamitage sur le \u00abGrabengufer\u00bb au-dessus de Randa, l'ensemble de la zone de randonn\u00e9e entre \u00abDorfbach\u00bb et \u00abWildibach\u00bb (y compris le pont suspendu) sera ferm\u00e9 le vendredi 29.06.2018 d\u00e8s 16h00. Pour \u00e9viter toute pr\u00e9sence de personnes dans la zone, l'acc\u00e8s au circuit du pont suspendu sera ferm\u00e9 d\u00e8s 12h00 d\u00e9j\u00e0. La zone (inclus le circuit du pont suspendu) devraient \u00eatre rouvertes samedi 30 juin 2018. La mont\u00e9e vers \u00abl'Europah\u00fctte\u00bb et la \u00abDomh\u00fctte\u00bb par le \u00abL\u00e4rchberg\u00bb reste accessible.<\/strong><\/div>\n<\/div>\n<\/div><\/div><\/div><\/div><div class=\"et_pb_row_1 et_pb_row et_block_row\"><div class=\"et_pb_column_1 et_pb_column et_pb_column_1_3 et_block_column et_pb_css_mix_blend_mode_passthrough\"><div class=\"et_pb_image_0 et_pb_image et_pb_module et_block_module\"><span class=\"et_pb_image_wrap\"><img loading=\"lazy\" decoding=\"async\" src=\"https:\/\/www.europaweg.ch\/wp-content\/uploads\/2017\/08\/galerie-haengebruecke-4.jpg\" width=\"1000\" height=\"667\" srcset=\"https:\/\/www.europaweg.ch\/wp-content\/uploads\/2017\/08\/galerie-haengebruecke-4.jpg 1000w, https:\/\/www.europaweg.ch\/wp-content\/uploads\/2017\/08\/galerie-haengebruecke-4-300x200.jpg 300w, https:\/\/www.europaweg.ch\/wp-content\/uploads\/2017\/08\/galerie-haengebruecke-4-768x512.jpg 768w\" sizes=\"(max-width: 1000px) 100vw, 1000px\" class=\"wp-image-1978\" \/><\/span><\/div><div class=\"et_pb_text_1 et_pb_text et_pb_bg_layout_light et_pb_module et_block_module\"><div class=\"et_pb_text_inner\"><h2>Europaweg - Randonn\u00e9e sur 2 jours dans les Alpes<\/h2>\n<p>Le sentier de l'Europe ou Europaweg entre Gr\u00e4chen et Zermatt est souvent consid\u00e9r\u00e9 comme le plus beau parcours de randonn\u00e9e sur 2 jours dans les Alpes. La vue sur le panorama montagneux \u2013 Cervin compris \u2013 l'a rendu mondialement c\u00e9l\u00e8bre.<\/p>\n<p><a class=\"more-link\" href=\"https:\/\/www.europaweg.ch\/fr\/randonnee-sur-2-jours-dans-les-alpes\/\">lire plus<\/a><\/p>\n<\/div><\/div><\/div><div class=\"et_pb_column_2 et_pb_column et_pb_column_1_3 et_block_column et_pb_css_mix_blend_mode_passthrough\"><div class=\"et_pb_image_1 et_pb_image et_pb_module et_block_module\"><span class=\"et_pb_image_wrap\"><img loading=\"lazy\" decoding=\"async\" src=\"https:\/\/www.europaweg.ch\/wp-content\/uploads\/2017\/08\/galerie-haengebruecke-6.jpg\" width=\"800\" height=\"533\" srcset=\"https:\/\/www.europaweg.ch\/wp-content\/uploads\/2017\/08\/galerie-haengebruecke-6.jpg 800w, https:\/\/www.europaweg.ch\/wp-content\/uploads\/2017\/08\/galerie-haengebruecke-6-300x200.jpg 300w, https:\/\/www.europaweg.ch\/wp-content\/uploads\/2017\/08\/galerie-haengebruecke-6-768x512.jpg 768w\" sizes=\"(max-width: 800px) 100vw, 800px\" class=\"wp-image-1981\" \/><\/span><\/div><div class=\"et_pb_text_2 et_pb_text et_pb_bg_layout_light et_pb_module et_block_module\"><div class=\"et_pb_text_inner\"><h2>Circuit p\u00e9destre jusqu'au pont suspendu de Randa<\/h2>\n<p>Apr\u00e8s avoir travers\u00e9 des for\u00eats d'arolles, cette randonn\u00e9e en boucle m\u00e8ne \u00e0 un imposant record: le plus long pont suspendu pi\u00e9tonnier du monde.<\/p>\n<p><a class=\"more-link\" href=\"https:\/\/www.europaweg.ch\/fr\/circuit-pedestre-jusquau-pont-suspendu-de-randa\/\">lire plus<\/a><\/p>\n<\/div><\/div><\/div><div class=\"et_pb_column_3 et_pb_column et_pb_column_1_3 et-last-child et_block_column et_pb_css_mix_blend_mode_passthrough\"><div class=\"et_pb_text_3 et_pb_text et_pb_bg_layout_light et_pb_module et_block_module\"><div class=\"et_pb_text_inner\"><div class=\"startseite\">\n<p><img decoding=\"async\" style=\"display: block;\" src=\"https:\/\/www.europaweg.ch\/wp-content\/uploads\/2016\/09\/europaweg-ampelbild.jpg\" \/><\/p>\n<div class=\"wanderweg-teilweise\">\n<p style=\"margin-bottom: 10px; padding-bottom: 0px;\"><strong>Ouverture partielle du sentier Europaweg Gr\u00e4chen \u2013 Zermatt \u00e0 partir du 28 juin 2025<\/strong><\/p>\n<p style=\"margin-bottom: 10px; padding-bottom: 0px;\">Le sentier Europaweg entre Gr\u00e4chen et Zermatt est partiellement accessible. En raison de fermetures sur certains tron\u00e7ons, nous prions tous les randonneurs de bien vouloir prendre connaissance des informations suivantes :<\/p>\n<p style=\"margin-bottom: 10px; padding-bottom: 0px;\"><strong>Sections de sentier ferm\u00e9es :<\/strong><br \/><strong>Randa \u2013 T\u00e4sch :<\/strong><br \/>tron\u00e7on entre Springelboden et Eggenstadel<\/p>\n<p style=\"margin-bottom: 10px; padding-bottom: 0px;\"><strong>D\u00e9viations :<\/strong><br \/><strong>Randa (Springelboden) \u2013 T\u00e4sch (Eggenstadel) :<\/strong><br \/>Veuillez suivre le sentier de randonn\u00e9e de <strong>Springelboden<\/strong> jusqu\u2019\u00e0 <strong>Attermenzen<\/strong>. De l\u00e0, le chemin se poursuit jusqu\u2019\u00e0 <strong>T\u00e4sch<\/strong>. \u00c0 T\u00e4sch, empruntez le sentier de randonn\u00e9e balis\u00e9 en direction de <strong>T\u00e4schalp<\/strong>.<\/p>\n<p style=\"margin-bottom: 10px; padding-bottom: 0px;\">Nous vous remercions de votre compr\u00e9hension et souhaitons \u00e0 tous une randonn\u00e9e agr\u00e9able et en toute s\u00e9curit\u00e9 sur l\u2019Europaweg.<\/p>\n<\/div>\n<div><\/div>\n<\/div>\n<\/div><\/div><div class=\"et_pb_text_4 et_pb_text et_pb_bg_layout_light et_pb_module et_block_module\"><div class=\"et_pb_text_inner\"><div class=\"startseite\">\n<p><img decoding=\"async\" style=\"display: block;\" src=\"https:\/\/www.europaweg.ch\/wp-content\/uploads\/2016\/09\/europaweg-ampelbild.jpg\" \/><\/p>\n<div class=\"wanderweg-geschlossen\">\n<p>Sentier de l'Europe et pont suspendu ferm\u00e9s.<br \/>Le pont n'est PAS praticable en hiver et sera rouvert au printemps. Aucune responsabilit\u00e9 ne sera endoss\u00e9e.<\/p>\n<\/div>\n<div><\/div>\n<\/div>\n<\/div><\/div><div class=\"et_pb_text_5 et_pb_text et_pb_bg_layout_light et_pb_module et_block_module\"><div class=\"et_pb_text_inner\"><div class=\"startseite\">\n<p><img decoding=\"async\" style=\"display: block;\" src=\"https:\/\/www.europaweg.ch\/wp-content\/uploads\/2016\/09\/europaweg-ampelbild.jpg\" \/><\/p>\n<div class=\"wanderweg-teilweise\">\n<p><strong>L'Europaweg (Sentier de l'Europa) est ouvert de St. Niklaus \u00e0 Randa. <\/strong><\/p>\n<\/div>\n<div><\/div>\n<\/div>\n<\/div><\/div><div class=\"et_pb_text_6 et_pb_text et_pb_bg_layout_light et_pb_module et_block_module\"><div class=\"et_pb_text_inner\"><div class=\"startseite\">\n<p><img decoding=\"async\" style=\"display: block;\" src=\"https:\/\/www.europaweg.ch\/wp-content\/uploads\/2016\/09\/europaweg-ampelbild.jpg\" \/><\/p>\n<div class=\"wanderweg-teilweise\">\n<p><strong>L\u2019Europaweg (Sentier de l\u2019Europe) est ferm\u00e9.<\/strong><br \/>Le parcours circulaire menant au pont suspendu de Randa est ouvert.<\/p>\n<\/div>\n<div><\/div>\n<\/div>\n<\/div><\/div><div class=\"et_pb_text_7 et_pb_text et_pb_bg_layout_light et_pb_module et_block_module\"><div class=\"et_pb_text_inner\"><div class=\"startseite\">\n<p><img decoding=\"async\" style=\"display: block;\" src=\"https:\/\/www.europaweg.ch\/wp-content\/uploads\/2016\/09\/europaweg-ampelbild.jpg\" \/><\/p>\n<div class=\"wanderweg-offen\" style=\"line-height: 1.5em !important; padding-top: 10px; padding-bottom: 10px;\">L'Europaweg est ouvert<\/div>\n<div class=\"wanderweg-offen\" style=\"line-height: 1.5em !important; padding-top: 10px;\">Il part toutefois de Randa Springelboden et continue sur le chemin des alpages. Depuis T\u00e4sch, les visiteurs peuvent marcher jusqu'\u00e0 la T\u00e4schalp ou prendre un taxi pour \u00e9viter une nouvelle mont\u00e9e.<\/div>\n<div class=\"wanderweg-offen\" style=\"line-height: 1.5em !important; padding-top: 10px; padding-bottom: 10px;\"><a href=\"https:\/\/www.europaweg.ch\/wp-content\/uploads\/2024\/07\/Scanner-Furi_20240628_133459.pdf\" rel=\"attachment noopener wp-att-2898\" target=\"_blank\">Carte (PDF)<\/a><\/div>\n<\/div>\n<\/div><\/div><div class=\"et_pb_text_8 et_pb_text et_pb_bg_layout_light et_pb_module et_block_module\"><div class=\"et_pb_text_inner\"><div class=\"startseite\">\n<p><img decoding=\"async\" style=\"display: block;\" src=\"https:\/\/www.europaweg.ch\/wp-content\/uploads\/2016\/09\/europaweg-ampelbild.jpg\" \/><\/p>\n<div class=\"wanderweg-offen\" style=\"line-height: 1.5em !important; padding-top: 10px; padding-bottom: 10px;\">Sentier ouvert<\/div>\n<\/div>\n<\/div><\/div><div class=\"et_pb_text_9 et_pb_text et_pb_bg_layout_light et_pb_module et_block_module\"><div class=\"et_pb_text_inner\"><div class=\"startseite\">\n<p><img decoding=\"async\" style=\"display: block;\" src=\"https:\/\/www.europaweg.ch\/wp-content\/uploads\/2016\/09\/europaweg-ampelbild.jpg\" \/><\/p>\n<div class=\"wanderweg-offen\" style=\"line-height: 1.6em; padding: 10px; color: black;background-color:#fbdb00;\">Sentier de l'Europe et pont suspendu ouverts.<br \/> <span style=\"font-weight: normal;\">Please note the COVID-19 <a style=\"color: black;text-decoration:underline;\" href=\"https:\/\/www.randonner.ch\/fr\/randonnee\/marcher-en-toute-securite-\/covid-19\/covid-19-english-information\" target=\"_blank\" rel=\"noopener noreferrer\">behavior tips for hikers<\/a>. <a style=\"color:black;text-decoration:underline;\" href=\"https:\/\/www.europaweg.ch\/wp-content\/uploads\/2019\/07\/DE-Europaweg-Streckenfuehrung-2019.pdf\" target=\"_blank\" rel=\"noopener noreferrer\">Veuillez noter l'itin\u00e9raire provisoire. (PDF)<\/a><\/span><\/div>\n<\/div>\n<\/div><\/div><div class=\"et_pb_text_10 et_pb_text et_pb_bg_layout_light et_pb_module et_block_module\"><div class=\"et_pb_text_inner\"><div class=\"startseite\" style\"background-color:#fbdb00;\">\n<pstyle=\"line-height:1.2em;\"><img decoding=\"async\" style=\"display: block;\" src=\"https:\/\/www.europaweg.ch\/wp-content\/uploads\/2016\/09\/europaweg-ampelbild.jpg\"><\/p>\n<div class=\"wanderweg-offen\" style=\"line-height:1.6em; padding:10px; background-color:#fbdb00; color:black\">Sentier de randonn\u00e9e et pont suspendu ouverts. <br \/><span style=\"font-weight:normal\"><a style=\"color:black;\" href=\"https:\/\/www.europaweg.ch\/wp-content\/uploads\/2019\/07\/DE-Europaweg-Streckenfuehrung-2019.pdf\" target=\"_blank\" rel=\"noopener noreferrer\">Veuillez noter l'itin\u00e9raire provisoire. (PDF)<\/a>.<\/span><\/div>\n<\/div>\n<\/div><\/div><div class=\"et_pb_text_11 et_pb_text et_pb_bg_layout_light et_pb_module et_block_module umfrage\"><div class=\"et_pb_text_inner\"><div class=\"startseite\">\n<h2>Enqu\u00eate sur la randonn\u00e9e et le sentier Europaweg<\/h2>\n<p style=\"padding-bottom: 10px;\"><strong>Participez et gagnez!<\/strong><\/p>\n<p><a href=\"https:\/\/europaweg.limequery.com\/853676?lang=fr\" target=\"_blank\" rel=\"noopener noreferrer\">A l'enqu\u00eate<\/a><\/p>\n<\/div>\n<\/div><\/div><\/div><\/div><\/div>","protected":false},"excerpt":{"rendered":"","protected":false},"author":1,"featured_media":0,"parent":0,"menu_order":0,"comment_status":"closed","ping_status":"closed","template":"","meta":{"footnotes":""},"class_list":["post-1729","page","type-page","status-publish","hentry"],"_links":{"self":[{"href":"https:\/\/www.europaweg.ch\/fr\/wp-json\/wp\/v2\/pages\/1729","targetHints":{"allow":["GET"]}}],"collection":[{"href":"https:\/\/www.europaweg.ch\/fr\/wp-json\/wp\/v2\/pages"}],"about":[{"href":"https:\/\/www.europaweg.ch\/fr\/wp-json\/wp\/v2\/types\/page"}],"author":[{"embeddable":true,"href":"https:\/\/www.europaweg.ch\/fr\/wp-json\/wp\/v2\/users\/1"}],"replies":[{"embeddable":true,"href":"https:\/\/www.europaweg.ch\/fr\/wp-json\/wp\/v2\/comments?post=1729"}],"version-history":[{"count":85,"href":"https:\/\/www.europaweg.ch\/fr\/wp-json\/wp\/v2\/pages\/1729\/revisions"}],"predecessor-version":[{"id":3182,"href":"https:\/\/www.europaweg.ch\/fr\/wp-json\/wp\/v2\/pages\/1729\/revisions\/3182"}],"wp:attachment":[{"href":"https:\/\/www.europaweg.ch\/fr\/wp-json\/wp\/v2\/media?parent=1729"}],"curies":[{"name":"wp","href":"https:\/\/api.w.org\/{rel}","templated":true}]}}