{"id":1738,"date":"2017-08-07T10:21:36","date_gmt":"2017-08-07T10:21:36","guid":{"rendered":"https:\/\/www.europaweg.ch\/home\/"},"modified":"2026-03-12T13:15:19","modified_gmt":"2026-03-12T13:15:19","slug":"home","status":"publish","type":"page","link":"https:\/\/www.europaweg.ch\/en\/","title":{"rendered":"Home"},"content":{"rendered":"<div class=\"et_pb_section_0 et_pb_section et_pb_fullwidth_section et_section_regular et_block_section\"><div class=\"et_pb_fullwidth_slider_0 et_pb_slider et_pb_module\"><div class=\"box-shadow-overlay\"><\/div><div class=\"et_pb_slides\"><div class=\"et_pb_slide_0 et_pb_slide et_pb_media_alignment_center et_pb_bg_layout_dark et_pb_text_align_center\" data-slide-id=\"divi\/slide-0\"><div class=\"et_pb_container\"><div class=\"et_pb_slider_container_inner\"><div class=\"et_pb_slide_description\"><h2 class=\"et_pb_slide_title\"><a href=\"https:\/\/www.europaweg.ch\/nuetzliche-informationen\/\" target=\"\" class=\"et_pb_slide_title_link\"><\/a><\/h2><div class=\"et_pb_slide_content\"><\/div><\/div><\/div><\/div><\/div><div class=\"et_pb_slide_1 et_pb_slide et_pb_media_alignment_center et_pb_bg_layout_dark et_pb_text_align_center\" data-slide-id=\"divi\/slide-1\"><div class=\"et_pb_container\"><div class=\"et_pb_slider_container_inner\"><div class=\"et_pb_slide_description\"><div class=\"et_pb_slide_content\"><\/div><\/div><\/div><\/div><\/div><div class=\"et_pb_slide_2 et_pb_slide et_pb_media_alignment_center et_pb_bg_layout_dark et_pb_text_align_center\" data-slide-id=\"divi\/slide-2\"><div class=\"et_pb_container\"><div class=\"et_pb_slider_container_inner\"><div class=\"et_pb_slide_description\"><div class=\"et_pb_slide_content\"><\/div><\/div><\/div><\/div><\/div><\/div><\/div><\/div><div class=\"et_pb_section_1 et_pb_section et_pb_fullwidth_section et_section_regular et_block_section\"><section class=\"et_pb_fullwidth_header_0 et_pb_fullwidth_header et_pb_bg_layout_light et_pb_text_align_left et_pb_module et_flex_module\"><div class=\"et_pb_fullwidth_header_container left\"><div class=\"header-content-container center\"><div class=\"header-content et_flex_module\"><h1 class=\"et_pb_module_header\">The Europaweg between Gr\u00e4chen and Zermatt<\/h1><span class=\"et_pb_fullwidth_header_subhead\">The Europaweg trail between Gr\u00e4chen and Zermatt is considered by many to be the most beautiful 2-day hike in the Alps. The views along this mountain panorama including the Matterhorn are famous around the world. These breathtakingly stunning views of nature were used as reference points by those responsible for mapping out the path in the villages of St. Niklaus, Gr\u00e4chen, Randa, T\u00e4sch and Zermatt to create the Europaweg in 1997. The trail extends from Gr\u00e4chen via Gasenried to Herbriggen. From there it continues upwards to the Europa Hut above Randa. The path then continues in the direction of T\u00e4schalp and finally to Zermatt.<\/span><div class=\"et_pb_header_content_wrapper\"><p><a style=\"margin-top: 20px; display: inline-block; font-size: 14px;\" href=\"https:\/\/www.europaweg.ch\/wp-content\/uploads\/2021\/07\/ZT_Flyer_Europaweg_Web.pdf\" rel=\"attachment noopener wp-att-2792\" target=\"_blank\" title=\"Flyer Europaweg (PDF)\">Flyer Europaweg (PDF)<\/a><\/p>\n<\/div><div class=\"et_pb_header_button_wrapper\"><\/div><\/div><\/div><\/div><div class=\"et_pb_fullwidth_header_overlay\"><\/div><div class=\"et_pb_fullwidth_header_scroll\"><\/div><\/section><\/div><div class=\"et_pb_section_2 et_pb_section et_section_regular et_block_section\"><div class=\"et_pb_row_0 et_pb_row et_block_row\"><div class=\"et_pb_column_0 et_pb_column et_pb_column_4_4 et-last-child et_block_column et_pb_css_mix_blend_mode_passthrough\"><div class=\"et_pb_text_0 et_pb_text et_pb_bg_layout_light et_pb_module et_block_module\"><div class=\"et_pb_text_inner\"><div class=\"startseite\">\n<div class=\"warnhinweis\"><strong>Due to blasting operations at Grabengufer above Randa, the whole hiking area between Dorfbach and Wildibach (including the suspension bridge) will be closed on Friday 29\/06\/2018 from 4 pm. To make sure nobody is in the area, the entrance to the circular trail to the suspension bridge will be closed from 12 noon. It is expected that the area as well as the circular trail to the suspension bridge will reopen on Saturday 30\/06\/2018. The climb up to the Europa Hut and to the Dom Hut via L\u00e4rchberg will remain open.<\/strong><\/div>\n<\/div>\n<\/div><\/div><\/div><\/div><div class=\"et_pb_row_1 et_pb_row et_block_row\"><div class=\"et_pb_column_1 et_pb_column et_pb_column_1_3 et_block_column et_pb_css_mix_blend_mode_passthrough\"><div class=\"et_pb_image_0 et_pb_image et_pb_module et_block_module\"><span class=\"et_pb_image_wrap\"><img loading=\"lazy\" decoding=\"async\" src=\"https:\/\/www.europaweg.ch\/wp-content\/uploads\/2017\/08\/galerie-haengebruecke-4.jpg\" width=\"1000\" height=\"667\" srcset=\"https:\/\/www.europaweg.ch\/wp-content\/uploads\/2017\/08\/galerie-haengebruecke-4.jpg 1000w, https:\/\/www.europaweg.ch\/wp-content\/uploads\/2017\/08\/galerie-haengebruecke-4-300x200.jpg 300w, https:\/\/www.europaweg.ch\/wp-content\/uploads\/2017\/08\/galerie-haengebruecke-4-768x512.jpg 768w\" sizes=\"(max-width: 1000px) 100vw, 1000px\" class=\"wp-image-1978\" \/><\/span><\/div><div class=\"et_pb_text_1 et_pb_text et_pb_bg_layout_light et_pb_module et_block_module\"><div class=\"et_pb_text_inner\"><h2>Europaweg - 2-day hike in the Alps<\/h2>\n<p>The Europaweg between Gr\u00e4chen and Zermatt is considered by many to be the most beautiful 2-day hike in the Alps. The views along this mountain panorama including the Matterhorn are famous around the world.<\/p>\n<p><a class=\"more-link\" href=\"https:\/\/www.europaweg.ch\/en\/2-day-hike-in-the-alps\/\">read more<\/a><\/p>\n<\/div><\/div><\/div><div class=\"et_pb_column_2 et_pb_column et_pb_column_1_3 et_block_column et_pb_css_mix_blend_mode_passthrough\"><div class=\"et_pb_image_1 et_pb_image et_pb_module et_block_module\"><span class=\"et_pb_image_wrap\"><img loading=\"lazy\" decoding=\"async\" src=\"https:\/\/www.europaweg.ch\/wp-content\/uploads\/2017\/08\/galerie-haengebruecke-6.jpg\" width=\"800\" height=\"533\" srcset=\"https:\/\/www.europaweg.ch\/wp-content\/uploads\/2017\/08\/galerie-haengebruecke-6.jpg 800w, https:\/\/www.europaweg.ch\/wp-content\/uploads\/2017\/08\/galerie-haengebruecke-6-300x200.jpg 300w, https:\/\/www.europaweg.ch\/wp-content\/uploads\/2017\/08\/galerie-haengebruecke-6-768x512.jpg 768w\" sizes=\"(max-width: 800px) 100vw, 800px\" class=\"wp-image-1981\" \/><\/span><\/div><div class=\"et_pb_text_2 et_pb_text et_pb_bg_layout_light et_pb_module et_block_module\"><div class=\"et_pb_text_inner\"><h2>Circular Hike to the Suspension Bridge in Randa<\/h2>\n<p>The circular hike to the Randa Suspension Bridge goes through larchwood forests and leads to an imposing record construction: the longest pedestrian suspension bridge in the world.<\/p>\n<p><a class=\"more-link\" href=\"https:\/\/www.europaweg.ch\/en\/circular-hike-to-the-suspension-bridge-in-randa\/\">read more<\/a><\/p>\n<\/div><\/div><\/div><div class=\"et_pb_column_3 et_pb_column et_pb_column_1_3 et-last-child et_block_column et_pb_css_mix_blend_mode_passthrough\"><div class=\"et_pb_text_3 et_pb_text et_pb_bg_layout_light et_pb_module et_block_module\"><div class=\"et_pb_text_inner\"><div class=\"startseite\">\n<p><img decoding=\"async\" style=\"display: block;\" src=\"https:\/\/www.europaweg.ch\/wp-content\/uploads\/2016\/09\/europaweg-ampelbild.jpg\" \/><\/p>\n<div class=\"wanderweg-teilweise\">\n<p><strong>Partial Opening of the Europaweg Trail Gr\u00e4chen \u2013 Zermatt as of June 28, 2025<\/strong><br \/>The Europaweg trail between Gr\u00e4chen and Zermatt is partially accessible. Due to closures on certain sections, we kindly ask all hikers to take note of the following information:<\/p>\n<p><strong>Closed Trail Sections:<\/strong><br \/><strong>Randa \u2013 T\u00e4sch:<\/strong><br \/>Section between <strong>Springelboden and Eggenstadel<\/strong><\/p>\n<p><strong>Detours:<\/strong><br \/><strong>Randa (Springelboden) \u2013 T\u00e4sch (Eggenstadel):<\/strong><br \/>Please follow the hiking trail from <strong>Springelboden<\/strong> to <strong>Attermenzen<\/strong>. From there, the trail continues to <strong>T\u00e4sch<\/strong>. In T\u00e4sch, take the marked hiking path toward <strong>T\u00e4schalp<\/strong>.<\/p>\n<p>We thank you for your understanding and wish everyone a safe and enjoyable hike on the Europaweg.<\/p>\n<\/div>\n<div><\/div>\n<\/div>\n<\/div><\/div><div class=\"et_pb_text_4 et_pb_text et_pb_bg_layout_light et_pb_module et_block_module\"><div class=\"et_pb_text_inner\"><div class=\"startseite\">\n<p><img decoding=\"async\" style=\"display: block;\" src=\"https:\/\/www.europaweg.ch\/wp-content\/uploads\/2016\/09\/europaweg-ampelbild.jpg\" \/><\/p>\n<div class=\"wanderweg-teilweise\">\n<p><strong>The Europaweg trail is closed.<\/strong><br \/>The circular hike from Randa to the suspension bridge is open.<\/p>\n<\/div>\n<div><\/div>\n<\/div>\n<\/div><\/div><div class=\"et_pb_text_5 et_pb_text et_pb_bg_layout_light et_pb_module et_block_module\"><div class=\"et_pb_text_inner\"><div class=\"startseite\">\n<p><img decoding=\"async\" style=\"display: block;\" src=\"https:\/\/www.europaweg.ch\/wp-content\/uploads\/2016\/09\/europaweg-ampelbild.jpg\" \/><\/p>\n<div class=\"wanderweg-geschlossen\">\n<p><strong>Europaweg and suspension bridge closed.<\/strong><br \/>The bridge may NOT be crossed in winter and will open again in spring. We do not accept any liability.<\/p>\n<\/div>\n<div><\/div>\n<\/div>\n<\/div><\/div><div class=\"et_pb_text_6 et_pb_text et_pb_bg_layout_light et_pb_module et_block_module\"><div class=\"et_pb_text_inner\"><div class=\"startseite\">\n<p><img decoding=\"async\" style=\"display: block;\" src=\"https:\/\/www.europaweg.ch\/wp-content\/uploads\/2016\/09\/europaweg-ampelbild.jpg\" \/><\/p>\n<div class=\"wanderweg-teilweise\">\n<p style=\"padding-bottom: 0px; margin-bottom: 10px;\">Due to rockfall, the section of the Europaweg \u00abFl\u00fcewald \u2013 Tafl\u00fce \u2013 Herbriggen\u00bb stays closed. Please be aware of the detour via Mattsand and the signage.<\/p>\n<p><a href=\"https:\/\/www.europaweg.ch\/wp-content\/uploads\/2020\/08\/2020-Umleitung-Europaweg.pdf\" target=\"_blank\" style=\"color:white;text-decoration:underline;\" rel=\"noopener noreferrer\">Map (PDF)<\/a>\n<\/div>\n<div><\/div>\n<\/div>\n<\/div><\/div><div class=\"et_pb_text_7 et_pb_text et_pb_bg_layout_light et_pb_module et_block_module\"><div class=\"et_pb_text_inner\"><p><img decoding=\"async\" style=\"display: block;\" src=\"https:\/\/www.europaweg.ch\/wp-content\/uploads\/2016\/09\/europaweg-ampelbild.jpg\" \/><\/p>\n<div class=\"wanderweg-offen\" style=\"line-height: 1.5em !important; padding-top: 10px; padding-bottom: 10px;\">The Europaweg is open<\/div>\n<div class=\"wanderweg-offen\" style=\"line-height: 1.5em !important; padding: 10px;\">However, it runs from Randa Springelboden and continues along the Alpweg. From T\u00e4sch, visitors can hike to the T\u00e4schalp or take a taxi to avoid a further ascent.<\/div>\n<div class=\"wanderweg-offen\" style=\"line-height: 1.5em !important; padding-top: 10px; padding-bottom: 10px;\"><a href=\"https:\/\/www.europaweg.ch\/wp-content\/uploads\/2024\/07\/Scanner-Furi_20240628_133459.pdf\" rel=\"attachment noopener wp-att-2897\" target=\"_blank\">Map (PDF) <\/a><\/div>\n<\/div><\/div><div class=\"et_pb_text_8 et_pb_text et_pb_bg_layout_light et_pb_module et_block_module\"><div class=\"et_pb_text_inner\"><div class=\"startseite\">\n<p><img decoding=\"async\" style=\"display: block;\" src=\"https:\/\/www.europaweg.ch\/wp-content\/uploads\/2016\/09\/europaweg-ampelbild.jpg\" \/><\/p>\n<div class=\"wanderweg-offen\" style=\"line-height: 1.5em !important; padding-top: 10px; padding-bottom: 10px;\">Hiking trail open<\/div>\n<\/div>\n<\/div><\/div><div class=\"et_pb_text_9 et_pb_text et_pb_bg_layout_light et_pb_module et_block_module\"><div class=\"et_pb_text_inner\"><div class=\"startseite\">\n<p><img decoding=\"async\" style=\"display: block;\" src=\"https:\/\/www.europaweg.ch\/wp-content\/uploads\/2016\/09\/europaweg-ampelbild.jpg\" \/><\/p>\n<div class=\"wanderweg-offen\" style=\"line-height: 1.6em; padding: 10px; color: black;background-color:#fbdb00;\">Hiking trail and bridge open.<br \/> <span style=\"font-weight: normal;\">Please note the COVID-19 <a style=\"color: black; text-decoration:underline;\" href=\"https:\/\/www.randonner.ch\/fr\/randonnee\/marcher-en-toute-securite-\/covid-19\/covid-19-english-information\" target=\"_blank\" rel=\"noopener noreferrer\">behavior tips for hikers<\/a> and <a style=\"color:black; text-decoration:underline;\" href=\"https:\/\/www.europaweg.ch\/wp-content\/uploads\/2019\/07\/DE-Europaweg-Streckenfuehrung-2019.pdf\" target=\"_blank\" rel=\"noopener noreferrer\">the provisional route (PDF)<\/a>.<\/span><\/div>\n<\/div>\n<\/div><\/div><div class=\"et_pb_text_10 et_pb_text et_pb_bg_layout_light et_pb_module et_block_module\"><div class=\"et_pb_text_inner\"><div class=\"startseite\" style\"background-color:#fbdb00;\">\n<pstyle=\"line-height:1.2em;\"><img decoding=\"async\" style=\"display: block;\" src=\"https:\/\/www.europaweg.ch\/wp-content\/uploads\/2016\/09\/europaweg-ampelbild.jpg\"><\/p>\n<div class=\"wanderweg-offen\" style=\"line-height:1.6em; padding:10px; background-color:#fbdb00; color:black\">Hiking trail and bridge open. <br \/><span style=\"font-weight:normal\"><a style=\"color:black;\" href=\"https:\/\/www.europaweg.ch\/wp-content\/uploads\/2019\/07\/DE-Europaweg-Streckenfuehrung-2019.pdf\" target=\"_blank\" rel=\"noopener noreferrer\">Please note the provisional route (PDF)<\/a>.<\/span><\/div>\n<\/div>\n<\/div><\/div><div class=\"et_pb_text_11 et_pb_text et_pb_bg_layout_light et_pb_module et_block_module umfrage\"><div class=\"et_pb_text_inner\"><div class=\"startseite\">\n<h2>Survey on hiking and the Europaweg trail<\/h2>\n<p style=\"padding-bottom: 10px;\"><strong>Participate and win!<\/strong><\/p>\n<p><a href=\"https:\/\/europaweg.limequery.com\/853676?lang=en\" target=\"_blank\" rel=\"noopener noreferrer\">To the survey<\/a><\/p>\n<\/div>\n<\/div><\/div><\/div><\/div><\/div>","protected":false},"excerpt":{"rendered":"","protected":false},"author":1,"featured_media":0,"parent":0,"menu_order":0,"comment_status":"closed","ping_status":"closed","template":"","meta":{"footnotes":""},"class_list":["post-1738","page","type-page","status-publish","hentry"],"_links":{"self":[{"href":"https:\/\/www.europaweg.ch\/en\/wp-json\/wp\/v2\/pages\/1738","targetHints":{"allow":["GET"]}}],"collection":[{"href":"https:\/\/www.europaweg.ch\/en\/wp-json\/wp\/v2\/pages"}],"about":[{"href":"https:\/\/www.europaweg.ch\/en\/wp-json\/wp\/v2\/types\/page"}],"author":[{"embeddable":true,"href":"https:\/\/www.europaweg.ch\/en\/wp-json\/wp\/v2\/users\/1"}],"replies":[{"embeddable":true,"href":"https:\/\/www.europaweg.ch\/en\/wp-json\/wp\/v2\/comments?post=1738"}],"version-history":[{"count":82,"href":"https:\/\/www.europaweg.ch\/en\/wp-json\/wp\/v2\/pages\/1738\/revisions"}],"predecessor-version":[{"id":3183,"href":"https:\/\/www.europaweg.ch\/en\/wp-json\/wp\/v2\/pages\/1738\/revisions\/3183"}],"wp:attachment":[{"href":"https:\/\/www.europaweg.ch\/en\/wp-json\/wp\/v2\/media?parent=1738"}],"curies":[{"name":"wp","href":"https:\/\/api.w.org\/{rel}","templated":true}]}}